{"id":2793,"date":"2016-10-26T17:13:14","date_gmt":"2016-10-26T17:13:14","guid":{"rendered":"http:\/\/toposatelier.com\/?page_id=2793"},"modified":"2016-10-26T17:13:14","modified_gmt":"2016-10-26T17:13:14","slug":"edificio-da-gramosa","status":"publish","type":"page","link":"https:\/\/toposatelier.com\/fr\/edificio-da-gramosa\/","title":{"rendered":"Palais de Gramosa"},"content":{"rendered":"<div id='gallery-0' class='gallery galleryid-2793 gallery-columns-4 gallery-size-small-size-hard'><figure class='gallery-item'>\n\t\t\t<div class='gallery-icon portrait'>\n\t\t\t\t<a data-title=\"Topos Atelier de Arquitectura - Ed. Gramosa (1)\" data-alt=\"\" href='https:\/\/toposatelier.com\/wp-content\/uploads\/2016\/06\/topos-atelier-de-arquitectura-ed.-gramosa-1.jpg'><img width=\"385\" height=\"385\" src=\"https:\/\/toposatelier.com\/wp-content\/uploads\/2016\/06\/topos-atelier-de-arquitectura-ed.-gramosa-1-385x385.jpg\" class=\"attachment-small-size-hard size-small-size-hard\" alt=\"\" decoding=\"async\" loading=\"lazy\" srcset=\"https:\/\/toposatelier.com\/wp-content\/uploads\/2016\/06\/topos-atelier-de-arquitectura-ed.-gramosa-1-385x385.jpg 385w, https:\/\/toposatelier.com\/wp-content\/uploads\/2016\/06\/topos-atelier-de-arquitectura-ed.-gramosa-1-300x300.jpg 300w, https:\/\/toposatelier.com\/wp-content\/uploads\/2016\/06\/topos-atelier-de-arquitectura-ed.-gramosa-1-100x100.jpg 100w, https:\/\/toposatelier.com\/wp-content\/uploads\/2016\/06\/topos-atelier-de-arquitectura-ed.-gramosa-1-150x150.jpg 150w\" sizes=\"(max-width: 385px) 100vw, 385px\" \/><\/a>\n\t\t\t<\/div><\/figure><figure class='gallery-item'>\n\t\t\t<div class='gallery-icon portrait'>\n\t\t\t\t<a data-title=\"Topos Atelier de Arquitectura - Ed. Gramosa (2)\" data-alt=\"\" href='https:\/\/toposatelier.com\/wp-content\/uploads\/2016\/06\/topos-atelier-de-arquitectura-ed.-gramosa-2.jpg'><img width=\"385\" height=\"385\" src=\"https:\/\/toposatelier.com\/wp-content\/uploads\/2016\/06\/topos-atelier-de-arquitectura-ed.-gramosa-2-385x385.jpg\" class=\"attachment-small-size-hard size-small-size-hard\" alt=\"\" decoding=\"async\" loading=\"lazy\" srcset=\"https:\/\/toposatelier.com\/wp-content\/uploads\/2016\/06\/topos-atelier-de-arquitectura-ed.-gramosa-2-385x385.jpg 385w, https:\/\/toposatelier.com\/wp-content\/uploads\/2016\/06\/topos-atelier-de-arquitectura-ed.-gramosa-2-300x300.jpg 300w, https:\/\/toposatelier.com\/wp-content\/uploads\/2016\/06\/topos-atelier-de-arquitectura-ed.-gramosa-2-100x100.jpg 100w, https:\/\/toposatelier.com\/wp-content\/uploads\/2016\/06\/topos-atelier-de-arquitectura-ed.-gramosa-2-150x150.jpg 150w\" sizes=\"(max-width: 385px) 100vw, 385px\" \/><\/a>\n\t\t\t<\/div><\/figure><figure class='gallery-item'>\n\t\t\t<div class='gallery-icon portrait'>\n\t\t\t\t<a data-title=\"Topos Atelier de Arquitectura - Ed. Gramosa (3)\" data-alt=\"\" href='https:\/\/toposatelier.com\/wp-content\/uploads\/2016\/06\/topos-atelier-de-arquitectura-ed.-gramosa-3.jpg'><img width=\"385\" height=\"385\" src=\"https:\/\/toposatelier.com\/wp-content\/uploads\/2016\/06\/topos-atelier-de-arquitectura-ed.-gramosa-3-385x385.jpg\" class=\"attachment-small-size-hard size-small-size-hard\" alt=\"\" decoding=\"async\" loading=\"lazy\" srcset=\"https:\/\/toposatelier.com\/wp-content\/uploads\/2016\/06\/topos-atelier-de-arquitectura-ed.-gramosa-3-385x385.jpg 385w, https:\/\/toposatelier.com\/wp-content\/uploads\/2016\/06\/topos-atelier-de-arquitectura-ed.-gramosa-3-300x300.jpg 300w, https:\/\/toposatelier.com\/wp-content\/uploads\/2016\/06\/topos-atelier-de-arquitectura-ed.-gramosa-3-100x100.jpg 100w, https:\/\/toposatelier.com\/wp-content\/uploads\/2016\/06\/topos-atelier-de-arquitectura-ed.-gramosa-3-150x150.jpg 150w\" sizes=\"(max-width: 385px) 100vw, 385px\" \/><\/a>\n\t\t\t<\/div><\/figure><figure class='gallery-item'>\n\t\t\t<div class='gallery-icon portrait'>\n\t\t\t\t<a data-title=\"Topos Atelier de Arquitectura - Ed. Gramosa (4)\" data-alt=\"\" href='https:\/\/toposatelier.com\/wp-content\/uploads\/2016\/06\/topos-atelier-de-arquitectura-ed.-gramosa-4.jpg'><img width=\"385\" height=\"385\" src=\"https:\/\/toposatelier.com\/wp-content\/uploads\/2016\/06\/topos-atelier-de-arquitectura-ed.-gramosa-4-385x385.jpg\" class=\"attachment-small-size-hard size-small-size-hard\" alt=\"\" decoding=\"async\" loading=\"lazy\" srcset=\"https:\/\/toposatelier.com\/wp-content\/uploads\/2016\/06\/topos-atelier-de-arquitectura-ed.-gramosa-4-385x385.jpg 385w, https:\/\/toposatelier.com\/wp-content\/uploads\/2016\/06\/topos-atelier-de-arquitectura-ed.-gramosa-4-300x300.jpg 300w, https:\/\/toposatelier.com\/wp-content\/uploads\/2016\/06\/topos-atelier-de-arquitectura-ed.-gramosa-4-100x100.jpg 100w, https:\/\/toposatelier.com\/wp-content\/uploads\/2016\/06\/topos-atelier-de-arquitectura-ed.-gramosa-4-150x150.jpg 150w\" sizes=\"(max-width: 385px) 100vw, 385px\" \/><\/a>\n\t\t\t<\/div><\/figure>\n\t\t<\/div>\n\n<p style=\"text-align: center;\">Contrarier la volont\u00e9 locale et la politique nationale en voulant r\u00e9habiliter et r\u00e9nover l\u2019h\u00f4tel particulier du Baron de Gramosa en immeuble d\u2019habitation et non en espace culturel, ne f\u00fbt pas chose facile.<br \/>\nMalgr\u00e9 la pr\u00e9occupante tertiarisation des centres urbains et l\u2019\u00e9tat de d\u00e9gradation g\u00e9n\u00e9rale du b\u00e2timent, il fallut insister trois longues ann\u00e9es pour obtenir\u2026 un premier avis favorable!<br \/>\nDes images du Minho du XIX\u00e8me nous ont aid\u00e9 \u00e0 reconstruire les couvertures.<br \/>\nA l\u2019ext\u00e9rieur, on restaura les fa\u00e7ades. La fa\u00e7ade arri\u00e8re d\u2019influence \u201cbr\u00e9silienne\u201d f\u00fbt d\u00e9molie, puis reconstruite.<br \/>\nA l\u2019int\u00e9rieur, le d\u00e9part de l\u2019escalier, et la porte monumentale \u00e0 volutes baroques qui \u00e9tablissait la liaison entre le vestibule et l\u2019h\u00f4tel, furent conserv\u00e9s.<br \/>\nA l\u2019arri\u00e8re, dans le jardin, l\u2019extension d\u2019un volume unitaire reli\u00e9 par une galerie vitr\u00e9e, et conservant l\u2019alignement de la rue, se vit malheureusement, et contre notre gr\u00e9, d\u00e9coup\u00e9e en gradins.<br \/>\nQuatre appartements, deux magasins et un sous-sol en stationnement furent toutefois int\u00e9gr\u00e9s \u00e0 l\u2019op\u00e9ration.<\/p>","protected":false},"excerpt":{"rendered":"<p>Contrarier la volont\u00e9 locale et la politique nationale en voulant r\u00e9habiliter et r\u00e9nover l\u2019h\u00f4tel particulier du Baron de Gramosa en immeuble d\u2019habitation et non en espace culturel, ne f\u00fbt pas chose facile. Malgr\u00e9 la pr\u00e9occupante tertiarisation des centres urbains et l\u2019\u00e9tat de d\u00e9gradation g\u00e9n\u00e9rale du b\u00e2timent, il fallut insister trois longues ann\u00e9es pour obtenir\u2026 un..<\/p>\n","protected":false},"author":1,"featured_media":0,"parent":0,"menu_order":0,"comment_status":"closed","ping_status":"closed","template":"","meta":[],"_links":{"self":[{"href":"https:\/\/toposatelier.com\/fr\/wp-json\/wp\/v2\/pages\/2793"}],"collection":[{"href":"https:\/\/toposatelier.com\/fr\/wp-json\/wp\/v2\/pages"}],"about":[{"href":"https:\/\/toposatelier.com\/fr\/wp-json\/wp\/v2\/types\/page"}],"author":[{"embeddable":true,"href":"https:\/\/toposatelier.com\/fr\/wp-json\/wp\/v2\/users\/1"}],"replies":[{"embeddable":true,"href":"https:\/\/toposatelier.com\/fr\/wp-json\/wp\/v2\/comments?post=2793"}],"version-history":[{"count":1,"href":"https:\/\/toposatelier.com\/fr\/wp-json\/wp\/v2\/pages\/2793\/revisions"}],"predecessor-version":[{"id":2794,"href":"https:\/\/toposatelier.com\/fr\/wp-json\/wp\/v2\/pages\/2793\/revisions\/2794"}],"wp:attachment":[{"href":"https:\/\/toposatelier.com\/fr\/wp-json\/wp\/v2\/media?parent=2793"}],"curies":[{"name":"wp","href":"https:\/\/api.w.org\/{rel}","templated":true}]}}