{"id":1557,"date":"2016-06-30T11:25:52","date_gmt":"2016-06-30T11:25:52","guid":{"rendered":"http:\/\/toposatelier.com\/?page_id=1557"},"modified":"2016-11-03T09:49:27","modified_gmt":"2016-11-03T09:49:27","slug":"albino-freitas","status":"publish","type":"page","link":"https:\/\/toposatelier.com\/fr\/albino-freitas\/","title":{"rendered":"ALBINO FREITAS"},"content":{"rendered":"<img decoding=\"async\" loading=\"lazy\" class=\"alignnone wp-image-3074 size-full\" src=\"http:\/\/toposatelier.com\/wp-content\/uploads\/2016\/06\/afa-copia-e1477929020629-300x300-1.jpg\" width=\"300\" height=\"300\" srcset=\"https:\/\/toposatelier.com\/wp-content\/uploads\/2016\/06\/afa-copia-e1477929020629-300x300-1.jpg 300w, https:\/\/toposatelier.com\/wp-content\/uploads\/2016\/06\/afa-copia-e1477929020629-300x300-1-100x100.jpg 100w, https:\/\/toposatelier.com\/wp-content\/uploads\/2016\/06\/afa-copia-e1477929020629-300x300-1-150x150.jpg 150w\" sizes=\"(max-width: 300px) 100vw, 300px\" \/><\/p>\n<h4>ALBINO FREITAS<\/h4>\n<address>Architecte DPLG<\/address>\n<p>N\u00e9 en 1964 \u00e0 Braga (Portugal), a r\u00e9sid\u00e9 en France entre 1970 et 1991. Dipl\u00f4me d&rsquo;Architecte D.P.L.G. par l&rsquo;\u00c9cole d\u2019Architecture de Paris-Belleville en 1994. Collaborateur dans plusieurs ateliers d\u2019architecture, \u00e0 Paris, de 1988 e \u00e0 1991. Int\u00e8gre l\u2019Atelier Topos \u2013 Atelier de Arquitectura, Lda. en 1992.","protected":false},"excerpt":{"rendered":"<p>ALBINO FREITAS Architecte DPLG N\u00e9 en 1964 \u00e0 Braga (Portugal), a r\u00e9sid\u00e9 en France entre 1970 et 1991. Dipl\u00f4me d&rsquo;Architecte D.P.L.G. par l&rsquo;\u00c9cole d\u2019Architecture de Paris-Belleville en 1994. Collaborateur dans plusieurs ateliers d\u2019architecture, \u00e0 Paris, de 1988 e \u00e0 1991. Int\u00e8gre l\u2019Atelier Topos \u2013 Atelier de Arquitectura, Lda. en 1992.<\/p>\n","protected":false},"author":1,"featured_media":0,"parent":0,"menu_order":0,"comment_status":"closed","ping_status":"closed","template":"","meta":[],"_links":{"self":[{"href":"https:\/\/toposatelier.com\/fr\/wp-json\/wp\/v2\/pages\/1557"}],"collection":[{"href":"https:\/\/toposatelier.com\/fr\/wp-json\/wp\/v2\/pages"}],"about":[{"href":"https:\/\/toposatelier.com\/fr\/wp-json\/wp\/v2\/types\/page"}],"author":[{"embeddable":true,"href":"https:\/\/toposatelier.com\/fr\/wp-json\/wp\/v2\/users\/1"}],"replies":[{"embeddable":true,"href":"https:\/\/toposatelier.com\/fr\/wp-json\/wp\/v2\/comments?post=1557"}],"version-history":[{"count":6,"href":"https:\/\/toposatelier.com\/fr\/wp-json\/wp\/v2\/pages\/1557\/revisions"}],"predecessor-version":[{"id":3075,"href":"https:\/\/toposatelier.com\/fr\/wp-json\/wp\/v2\/pages\/1557\/revisions\/3075"}],"wp:attachment":[{"href":"https:\/\/toposatelier.com\/fr\/wp-json\/wp\/v2\/media?parent=1557"}],"curies":[{"name":"wp","href":"https:\/\/api.w.org\/{rel}","templated":true}]}}